{"id":369,"date":"2025-08-07T16:39:16","date_gmt":"2025-08-07T14:39:16","guid":{"rendered":"https:\/\/marcoussistriathlon.fr\/?post_type=tribe_events&#038;p=369"},"modified":"2025-08-07T23:23:04","modified_gmt":"2025-08-07T21:23:04","slug":"fete-du-village-forum-des-assos","status":"publish","type":"tribe_events","link":"https:\/\/marcoussistriathlon.fr\/index.php\/event\/fete-du-village-forum-des-assos\/","title":{"rendered":"F\u00eates du village \/ Forum des assos"},"content":{"rendered":"<h3 data-start=\"179\" data-end=\"309\"><strong>\ud83c\udfbd Rejoignez la Section Triathlon de Marcoussis !<\/strong><\/h3>\n<p data-start=\"179\" data-end=\"309\"><br data-start=\"232\" data-end=\"235\" \/>\ud83c\udfca\u200d\u2642\ufe0f\ud83d\udeb4\u200d\u2640\ufe0f\ud83c\udfc3\u200d\u2642\ufe0f <strong data-start=\"251\" data-end=\"309\">Stand 51 \u2013 Forum des Associations \u2013 Samedi 6 septembre<\/strong><\/p>\n<p data-start=\"311\" data-end=\"478\">Vous aimez bouger ? relever des d\u00e9fis ? partager des valeurs sportives ?<br data-start=\"383\" data-end=\"386\" \/>\u27a1\ufe0f La section <strong data-start=\"400\" data-end=\"422\">Triathlon de l\u2019ASM<\/strong> vous attend pour une nouvelle saison pleine d\u2019\u00e9nergie !<\/p>\n<p data-start=\"480\" data-end=\"633\">\ud83d\udc5f <strong data-start=\"483\" data-end=\"508\">Pour tous les niveaux<\/strong> : jeunes, adultes, d\u00e9butants ou comp\u00e9titeurs. Entra\u00eenements vari\u00e9s, encadrement de qualit\u00e9 et ambiance conviviale garantie !<\/p>\n<h3 data-start=\"635\" data-end=\"666\">\ud83c\udf81 <strong data-start=\"642\" data-end=\"666\">\u00c0 GAGNER SUR PLACE !<\/strong><\/h3>\n<ul>\n<li data-start=\"669\" data-end=\"708\">Participez \u00e0 notre <strong data-start=\"688\" data-end=\"699\">loterie<\/strong> gratuite<\/li>\n<li data-start=\"669\" data-end=\"708\">Relevez notre <strong data-start=\"725\" data-end=\"750\">d\u00e9fi sportif surprise<\/strong><\/li>\n<\/ul>\n<p>\ud83d\udc49 De nombreux <strong data-start=\"766\" data-end=\"777\">cadeaux<\/strong> \u00e0 remporter pour petits et grands sportifs !<\/p>\n<p>&nbsp;<\/p>\n<h3 data-start=\"824\" data-end=\"848\">\u2733\ufe0f Nos disciplines :<\/h3>\n<ul>\n<li data-start=\"851\" data-end=\"867\">Natation \ud83c\udfca\u200d\u2640\ufe0f<\/li>\n<li data-start=\"851\" data-end=\"867\">V\u00e9lo \ud83d\udeb4<\/li>\n<li data-start=\"851\" data-end=\"867\">Course \u00e0 pied \ud83c\udfc3<\/li>\n<li data-start=\"851\" data-end=\"867\"><\/li>\n<\/ul>\n<p data-start=\"900\" data-end=\"996\">\ud83d\udcc5 RDV <strong data-start=\"907\" data-end=\"944\">samedi 6 septembre de 10h30 \u00e0 18h<\/strong>,<br data-start=\"945\" data-end=\"948\" \/>\ud83d\udccd <strong data-start=\"951\" data-end=\"963\">Stand 51<\/strong>, au c\u0153ur de la f\u00eate du village !<\/p>\n<p data-start=\"998\" data-end=\"1079\">\ud83d\udd25 Que vous soyez curieux ou ultra motiv\u00e9 : venez tenter l\u2019exp\u00e9rience triathlon !<\/p>\n<p style=\"text-align: center;\" data-start=\"998\" data-end=\"1079\"><strong>\ud83d\udd17 Retrouvez toutes les infos de l\u2019\u00e9v\u00e9nement <a href=\"https:\/\/marcoussistriathlon.fr\/wp-content\/uploads\/2025\/08\/programme-fdv2025_v4-pages-3.pdf\">ICI<\/a><\/strong><\/p>\n","protected":false},"excerpt":{"rendered":"<p>\ud83c\udfbd Rejoignez la Section Triathlon de Marcoussis ! \ud83c\udfca\u200d\u2642\ufe0f\ud83d\udeb4\u200d\u2640\ufe0f\ud83c\udfc3\u200d\u2642\ufe0f Stand 51 \u2013 Forum des Associations \u2013 Samedi 6 septembre Vous aimez bouger ? relever des d\u00e9fis ? partager des valeurs [&hellip;]<\/p>\n","protected":false},"author":1,"featured_media":0,"template":"","meta":{"_price":"","_stock":"","_tribe_ticket_header":"","_tribe_default_ticket_provider":"","_tribe_ticket_capacity":"0","_ticket_start_date":"","_ticket_end_date":"","_tribe_ticket_show_description":"","_tribe_ticket_show_not_going":false,"_tribe_ticket_use_global_stock":"","_tribe_ticket_global_stock_level":"","_global_stock_mode":"","_global_stock_cap":"","_tribe_rsvp_for_event":"","_tribe_ticket_going_count":"","_tribe_ticket_not_going_count":"","_tribe_tickets_list":"[]","_tribe_ticket_has_attendee_info_fields":false,"_tribe_events_status":"","_tribe_events_status_reason":"","footnotes":"","_tec_slr_enabled":"","_tec_slr_layout":""},"tags":[],"tribe_events_cat":[],"class_list":["post-369","tribe_events","type-tribe_events","status-publish","hentry"],"yoast_head":"<!-- This site is optimized with the Yoast SEO plugin v25.9 - https:\/\/yoast.com\/wordpress\/plugins\/seo\/ -->\n<title>F\u00eates du village \/ Forum des assos - Marcoussis Triathlon<\/title>\n<meta name=\"description\" content=\"https:\/\/www.marcoussis.fr\/evenement\/fete-du-village-2\/Le forum des Associationsde 10h30 \u00e0 18hVenez d\u00e9couvrir la richesse associative deMarcoussis au forum des assos ! Qu\u2019elles soientartistiques, culturelles, sportives, \u00e9ducatives,environnementales ou solidaires, nos associationsvous attendent pour \u00e9changer, tester, vousinscrire\u2026 et d\u00e9marrer l\u2019ann\u00e9e sous le signe dupartage et de l\u2019\u00e9nergie\" \/>\n<meta name=\"robots\" content=\"index, follow, max-snippet:-1, max-image-preview:large, max-video-preview:-1\" \/>\n<link rel=\"canonical\" href=\"https:\/\/marcoussistriathlon.fr\/index.php\/event\/fete-du-village-forum-des-assos\/\" \/>\n<meta property=\"og:locale\" content=\"en_US\" \/>\n<meta property=\"og:type\" content=\"article\" \/>\n<meta property=\"og:title\" content=\"F\u00eates du village \/ Forum des assos - Marcoussis Triathlon\" \/>\n<meta property=\"og:description\" content=\"https:\/\/www.marcoussis.fr\/evenement\/fete-du-village-2\/Le forum des Associationsde 10h30 \u00e0 18hVenez d\u00e9couvrir la richesse associative deMarcoussis au forum des assos ! Qu\u2019elles soientartistiques, culturelles, sportives, \u00e9ducatives,environnementales ou solidaires, nos associationsvous attendent pour \u00e9changer, tester, vousinscrire\u2026 et d\u00e9marrer l\u2019ann\u00e9e sous le signe dupartage et de l\u2019\u00e9nergie\" \/>\n<meta property=\"og:url\" content=\"https:\/\/marcoussistriathlon.fr\/index.php\/event\/fete-du-village-forum-des-assos\/\" \/>\n<meta property=\"og:site_name\" content=\"Marcoussis Triathlon\" \/>\n<meta property=\"article:publisher\" content=\"https:\/\/www.facebook.com\/profile.php?id=61564865026705\" \/>\n<meta property=\"article:modified_time\" content=\"2025-08-07T21:23:04+00:00\" \/>\n<meta property=\"og:image\" content=\"https:\/\/marcoussistriathlon.fr\/wp-content\/uploads\/2025\/08\/logo-marcoussis.png\" \/>\n\t<meta property=\"og:image:width\" content=\"698\" \/>\n\t<meta property=\"og:image:height\" content=\"710\" \/>\n\t<meta property=\"og:image:type\" content=\"image\/png\" \/>\n<meta name=\"twitter:card\" content=\"summary_large_image\" \/>\n<meta name=\"twitter:label1\" content=\"Est. reading time\" \/>\n\t<meta name=\"twitter:data1\" content=\"1 minute\" \/>\n<script type=\"application\/ld+json\" class=\"yoast-schema-graph\">{\"@context\":\"https:\/\/schema.org\",\"@graph\":[{\"@type\":\"WebPage\",\"@id\":\"https:\/\/marcoussistriathlon.fr\/index.php\/event\/fete-du-village-forum-des-assos\/\",\"url\":\"https:\/\/marcoussistriathlon.fr\/index.php\/event\/fete-du-village-forum-des-assos\/\",\"name\":\"F\u00eates du village \/ Forum des assos - Marcoussis Triathlon\",\"isPartOf\":{\"@id\":\"https:\/\/marcoussistriathlon.fr\/#website\"},\"datePublished\":\"2025-08-07T14:39:16+00:00\",\"dateModified\":\"2025-08-07T21:23:04+00:00\",\"description\":\"https:\/\/www.marcoussis.fr\/evenement\/fete-du-village-2\/Le forum des Associationsde 10h30 \u00e0 18hVenez d\u00e9couvrir la richesse associative deMarcoussis au forum des assos ! Qu\u2019elles soientartistiques, culturelles, sportives, \u00e9ducatives,environnementales ou solidaires, nos associationsvous attendent pour \u00e9changer, tester, vousinscrire\u2026 et d\u00e9marrer l\u2019ann\u00e9e sous le signe dupartage et de l\u2019\u00e9nergie\",\"breadcrumb\":{\"@id\":\"https:\/\/marcoussistriathlon.fr\/index.php\/event\/fete-du-village-forum-des-assos\/#breadcrumb\"},\"inLanguage\":\"en-US\",\"potentialAction\":[{\"@type\":\"ReadAction\",\"target\":[\"https:\/\/marcoussistriathlon.fr\/index.php\/event\/fete-du-village-forum-des-assos\/\"]}]},{\"@type\":\"BreadcrumbList\",\"@id\":\"https:\/\/marcoussistriathlon.fr\/index.php\/event\/fete-du-village-forum-des-assos\/#breadcrumb\",\"itemListElement\":[{\"@type\":\"ListItem\",\"position\":1,\"name\":\"Home\",\"item\":\"https:\/\/marcoussistriathlon.fr\/\"},{\"@type\":\"ListItem\",\"position\":2,\"name\":\"\u00c9v\u00e8nements\",\"item\":\"https:\/\/marcoussistriathlon.fr\/index.php\/events\/\"},{\"@type\":\"ListItem\",\"position\":3,\"name\":\"F\u00eates du village \/ Forum des assos\"}]},{\"@type\":\"WebSite\",\"@id\":\"https:\/\/marcoussistriathlon.fr\/#website\",\"url\":\"https:\/\/marcoussistriathlon.fr\/\",\"name\":\"Marcoussis Triathlon\",\"description\":\"Nager - Rouler - Courir\",\"publisher\":{\"@id\":\"https:\/\/marcoussistriathlon.fr\/#organization\"},\"potentialAction\":[{\"@type\":\"SearchAction\",\"target\":{\"@type\":\"EntryPoint\",\"urlTemplate\":\"https:\/\/marcoussistriathlon.fr\/?s={search_term_string}\"},\"query-input\":{\"@type\":\"PropertyValueSpecification\",\"valueRequired\":true,\"valueName\":\"search_term_string\"}}],\"inLanguage\":\"en-US\"},{\"@type\":\"Organization\",\"@id\":\"https:\/\/marcoussistriathlon.fr\/#organization\",\"name\":\"Marcoussis Triathlon\",\"url\":\"https:\/\/marcoussistriathlon.fr\/\",\"logo\":{\"@type\":\"ImageObject\",\"inLanguage\":\"en-US\",\"@id\":\"https:\/\/marcoussistriathlon.fr\/#\/schema\/logo\/image\/\",\"url\":\"https:\/\/marcoussistriathlon.fr\/wp-content\/uploads\/2025\/08\/logo-marcoussis.png\",\"contentUrl\":\"https:\/\/marcoussistriathlon.fr\/wp-content\/uploads\/2025\/08\/logo-marcoussis.png\",\"width\":698,\"height\":710,\"caption\":\"Marcoussis Triathlon\"},\"image\":{\"@id\":\"https:\/\/marcoussistriathlon.fr\/#\/schema\/logo\/image\/\"},\"sameAs\":[\"https:\/\/www.facebook.com\/profile.php?id=61564865026705\",\"https:\/\/www.instagram.com\/marcoussistriathlon\/\"]}]}<\/script>\n<!-- \/ Yoast SEO plugin. -->","yoast_head_json":{"title":"F\u00eates du village \/ Forum des assos - Marcoussis Triathlon","description":"https:\/\/www.marcoussis.fr\/evenement\/fete-du-village-2\/Le forum des Associationsde 10h30 \u00e0 18hVenez d\u00e9couvrir la richesse associative deMarcoussis au forum des assos ! Qu\u2019elles soientartistiques, culturelles, sportives, \u00e9ducatives,environnementales ou solidaires, nos associationsvous attendent pour \u00e9changer, tester, vousinscrire\u2026 et d\u00e9marrer l\u2019ann\u00e9e sous le signe dupartage et de l\u2019\u00e9nergie","robots":{"index":"index","follow":"follow","max-snippet":"max-snippet:-1","max-image-preview":"max-image-preview:large","max-video-preview":"max-video-preview:-1"},"canonical":"https:\/\/marcoussistriathlon.fr\/index.php\/event\/fete-du-village-forum-des-assos\/","og_locale":"en_US","og_type":"article","og_title":"F\u00eates du village \/ Forum des assos - Marcoussis Triathlon","og_description":"https:\/\/www.marcoussis.fr\/evenement\/fete-du-village-2\/Le forum des Associationsde 10h30 \u00e0 18hVenez d\u00e9couvrir la richesse associative deMarcoussis au forum des assos ! Qu\u2019elles soientartistiques, culturelles, sportives, \u00e9ducatives,environnementales ou solidaires, nos associationsvous attendent pour \u00e9changer, tester, vousinscrire\u2026 et d\u00e9marrer l\u2019ann\u00e9e sous le signe dupartage et de l\u2019\u00e9nergie","og_url":"https:\/\/marcoussistriathlon.fr\/index.php\/event\/fete-du-village-forum-des-assos\/","og_site_name":"Marcoussis Triathlon","article_publisher":"https:\/\/www.facebook.com\/profile.php?id=61564865026705","article_modified_time":"2025-08-07T21:23:04+00:00","og_image":[{"width":698,"height":710,"url":"https:\/\/marcoussistriathlon.fr\/wp-content\/uploads\/2025\/08\/logo-marcoussis.png","type":"image\/png"}],"twitter_card":"summary_large_image","twitter_misc":{"Est. reading time":"1 minute"},"schema":{"@context":"https:\/\/schema.org","@graph":[{"@type":"WebPage","@id":"https:\/\/marcoussistriathlon.fr\/index.php\/event\/fete-du-village-forum-des-assos\/","url":"https:\/\/marcoussistriathlon.fr\/index.php\/event\/fete-du-village-forum-des-assos\/","name":"F\u00eates du village \/ Forum des assos - Marcoussis Triathlon","isPartOf":{"@id":"https:\/\/marcoussistriathlon.fr\/#website"},"datePublished":"2025-08-07T14:39:16+00:00","dateModified":"2025-08-07T21:23:04+00:00","description":"https:\/\/www.marcoussis.fr\/evenement\/fete-du-village-2\/Le forum des Associationsde 10h30 \u00e0 18hVenez d\u00e9couvrir la richesse associative deMarcoussis au forum des assos ! Qu\u2019elles soientartistiques, culturelles, sportives, \u00e9ducatives,environnementales ou solidaires, nos associationsvous attendent pour \u00e9changer, tester, vousinscrire\u2026 et d\u00e9marrer l\u2019ann\u00e9e sous le signe dupartage et de l\u2019\u00e9nergie","breadcrumb":{"@id":"https:\/\/marcoussistriathlon.fr\/index.php\/event\/fete-du-village-forum-des-assos\/#breadcrumb"},"inLanguage":"en-US","potentialAction":[{"@type":"ReadAction","target":["https:\/\/marcoussistriathlon.fr\/index.php\/event\/fete-du-village-forum-des-assos\/"]}]},{"@type":"BreadcrumbList","@id":"https:\/\/marcoussistriathlon.fr\/index.php\/event\/fete-du-village-forum-des-assos\/#breadcrumb","itemListElement":[{"@type":"ListItem","position":1,"name":"Home","item":"https:\/\/marcoussistriathlon.fr\/"},{"@type":"ListItem","position":2,"name":"\u00c9v\u00e8nements","item":"https:\/\/marcoussistriathlon.fr\/index.php\/events\/"},{"@type":"ListItem","position":3,"name":"F\u00eates du village \/ Forum des assos"}]},{"@type":"WebSite","@id":"https:\/\/marcoussistriathlon.fr\/#website","url":"https:\/\/marcoussistriathlon.fr\/","name":"Marcoussis Triathlon","description":"Nager - Rouler - Courir","publisher":{"@id":"https:\/\/marcoussistriathlon.fr\/#organization"},"potentialAction":[{"@type":"SearchAction","target":{"@type":"EntryPoint","urlTemplate":"https:\/\/marcoussistriathlon.fr\/?s={search_term_string}"},"query-input":{"@type":"PropertyValueSpecification","valueRequired":true,"valueName":"search_term_string"}}],"inLanguage":"en-US"},{"@type":"Organization","@id":"https:\/\/marcoussistriathlon.fr\/#organization","name":"Marcoussis Triathlon","url":"https:\/\/marcoussistriathlon.fr\/","logo":{"@type":"ImageObject","inLanguage":"en-US","@id":"https:\/\/marcoussistriathlon.fr\/#\/schema\/logo\/image\/","url":"https:\/\/marcoussistriathlon.fr\/wp-content\/uploads\/2025\/08\/logo-marcoussis.png","contentUrl":"https:\/\/marcoussistriathlon.fr\/wp-content\/uploads\/2025\/08\/logo-marcoussis.png","width":698,"height":710,"caption":"Marcoussis Triathlon"},"image":{"@id":"https:\/\/marcoussistriathlon.fr\/#\/schema\/logo\/image\/"},"sameAs":["https:\/\/www.facebook.com\/profile.php?id=61564865026705","https:\/\/www.instagram.com\/marcoussistriathlon\/"]}]}},"jetpack_sharing_enabled":true,"ticketed":false,"_links":{"self":[{"href":"https:\/\/marcoussistriathlon.fr\/index.php\/wp-json\/wp\/v2\/tribe_events\/369","targetHints":{"allow":["GET"]}}],"collection":[{"href":"https:\/\/marcoussistriathlon.fr\/index.php\/wp-json\/wp\/v2\/tribe_events"}],"about":[{"href":"https:\/\/marcoussistriathlon.fr\/index.php\/wp-json\/wp\/v2\/types\/tribe_events"}],"author":[{"embeddable":true,"href":"https:\/\/marcoussistriathlon.fr\/index.php\/wp-json\/wp\/v2\/users\/1"}],"version-history":[{"count":6,"href":"https:\/\/marcoussistriathlon.fr\/index.php\/wp-json\/wp\/v2\/tribe_events\/369\/revisions"}],"predecessor-version":[{"id":386,"href":"https:\/\/marcoussistriathlon.fr\/index.php\/wp-json\/wp\/v2\/tribe_events\/369\/revisions\/386"}],"wp:attachment":[{"href":"https:\/\/marcoussistriathlon.fr\/index.php\/wp-json\/wp\/v2\/media?parent=369"}],"wp:term":[{"taxonomy":"post_tag","embeddable":true,"href":"https:\/\/marcoussistriathlon.fr\/index.php\/wp-json\/wp\/v2\/tags?post=369"},{"taxonomy":"tribe_events_cat","embeddable":true,"href":"https:\/\/marcoussistriathlon.fr\/index.php\/wp-json\/wp\/v2\/tribe_events_cat?post=369"}],"curies":[{"name":"wp","href":"https:\/\/api.w.org\/{rel}","templated":true}]}}